{"id":23,"date":"2022-06-10T15:48:39","date_gmt":"2022-06-10T15:48:39","guid":{"rendered":"https:\/\/kadence.pixel-show.com\/cleaning-services\/?page_id=23"},"modified":"2025-06-29T17:39:19","modified_gmt":"2025-06-29T15:39:19","slug":"prestations-du-salon","status":"publish","type":"page","link":"https:\/\/wellness-hair.fr\/index.php\/prestations-du-salon\/","title":{"rendered":"Prestations du salon"},"content":{"rendered":"\t\t<div data-elementor-type=\"wp-page\" data-elementor-id=\"23\" class=\"elementor elementor-23\">\n\t\t\t\t\t\t<section class=\"elementor-section elementor-top-section elementor-element elementor-element-c1ecf00 elementor-section-boxed elementor-section-height-default elementor-section-height-default\" data-id=\"c1ecf00\" data-element_type=\"section\" data-settings=\"{&quot;background_background&quot;:&quot;classic&quot;}\">\n\t\t\t\t\t\t\t<div class=\"elementor-background-overlay\"><\/div>\n\t\t\t\t\t\t\t<div class=\"elementor-container elementor-column-gap-default\">\n\t\t\t\t\t<div class=\"elementor-column elementor-col-100 elementor-top-column elementor-element elementor-element-101a77e\" data-id=\"101a77e\" data-element_type=\"column\">\n\t\t\t<div class=\"elementor-widget-wrap elementor-element-populated\">\n\t\t\t\t\t\t<div class=\"elementor-element elementor-element-9e48889 elementor-widget elementor-widget-heading\" data-id=\"9e48889\" data-element_type=\"widget\" data-widget_type=\"heading.default\">\n\t\t\t\t<div class=\"elementor-widget-container\">\n\t\t\t\t\t<h1 class=\"elementor-heading-title elementor-size-default\">Prestations du salon<\/h1>\t\t\t\t<\/div>\n\t\t\t\t<\/div>\n\t\t\t\t<div class=\"elementor-element elementor-element-30fcef7 elementor-widget elementor-widget-text-editor\" data-id=\"30fcef7\" data-element_type=\"widget\" data-widget_type=\"text-editor.default\">\n\t\t\t\t<div class=\"elementor-widget-container\">\n\t\t\t\t\t\t\t\t\t<p>Venez passer un agr\u00e9able moment de d\u00e9tente nous allons prendre soin de vous et de vos cheveux!<\/p>\t\t\t\t\t\t\t\t<\/div>\n\t\t\t\t<\/div>\n\t\t\t\t\t<\/div>\n\t\t<\/div>\n\t\t\t\t\t<\/div>\n\t\t<\/section>\n\t\t\t\t<section class=\"elementor-section elementor-top-section elementor-element elementor-element-8a82290 elementor-section-boxed elementor-section-height-default elementor-section-height-default\" data-id=\"8a82290\" data-element_type=\"section\">\n\t\t\t\t\t\t<div class=\"elementor-container elementor-column-gap-default\">\n\t\t\t\t\t<div class=\"elementor-column elementor-col-100 elementor-top-column elementor-element elementor-element-970e8e7\" data-id=\"970e8e7\" data-element_type=\"column\">\n\t\t\t<div class=\"elementor-widget-wrap elementor-element-populated\">\n\t\t\t\t\t\t<div class=\"elementor-element elementor-element-dff0a1d elementor-widget elementor-widget-heading\" data-id=\"dff0a1d\" data-element_type=\"widget\" data-widget_type=\"heading.default\">\n\t\t\t\t<div class=\"elementor-widget-container\">\n\t\t\t\t\t<h2 class=\"elementor-heading-title elementor-size-default\">La coloration\n<\/h2>\t\t\t\t<\/div>\n\t\t\t\t<\/div>\n\t\t\t\t<div class=\"elementor-element elementor-element-272dfb5 elementor-widget-tablet__width-initial elementor-widget-mobile__width-initial elementor-widget elementor-widget-text-editor\" data-id=\"272dfb5\" data-element_type=\"widget\" data-widget_type=\"text-editor.default\">\n\t\t\t\t<div class=\"elementor-widget-container\">\n\t\t\t\t\t\t\t\t\t<p>Nous vous proposons un \u00e9ventail de couleurs d\u2019un \u00e9clat extraordinaire gr\u00e2ce \u00e0 une technique de pigmentation innovante et une formule de substances actives naturelles grace aux produits <a href=\"https:\/\/www.labiosthetique.fr\/\">La biosth\u00e9tique<\/a>.\u00a0<span style=\"background-color: transparent;\">Vos cheveux sont fortifi\u00e9s, hydrat\u00e9s et rayonnants de sant\u00e9.<\/span><\/p>\t\t\t\t\t\t\t\t<\/div>\n\t\t\t\t<\/div>\n\t\t\t\t<div class=\"elementor-element elementor-element-663413d elementor-tablet-align-center elementor-icon-list--layout-traditional elementor-list-item-link-full_width elementor-widget elementor-widget-icon-list\" data-id=\"663413d\" data-element_type=\"widget\" data-widget_type=\"icon-list.default\">\n\t\t\t\t<div class=\"elementor-widget-container\">\n\t\t\t\t\t\t\t<ul class=\"elementor-icon-list-items\">\n\t\t\t\t\t\t\t<li class=\"elementor-icon-list-item\">\n\t\t\t\t\t\t\t\t\t\t\t<span class=\"elementor-icon-list-icon\">\n\t\t\t\t\t\t\t<svg aria-hidden=\"true\" class=\"e-font-icon-svg e-fas-check-square\" viewBox=\"0 0 448 512\" xmlns=\"http:\/\/www.w3.org\/2000\/svg\"><path d=\"M400 480H48c-26.51 0-48-21.49-48-48V80c0-26.51 21.49-48 48-48h352c26.51 0 48 21.49 48 48v352c0 26.51-21.49 48-48 48zm-204.686-98.059l184-184c6.248-6.248 6.248-16.379 0-22.627l-22.627-22.627c-6.248-6.248-16.379-6.249-22.628 0L184 302.745l-70.059-70.059c-6.248-6.248-16.379-6.248-22.628 0l-22.627 22.627c-6.248 6.248-6.248 16.379 0 22.627l104 104c6.249 6.25 16.379 6.25 22.628.001z\"><\/path><\/svg>\t\t\t\t\t\t<\/span>\n\t\t\t\t\t\t\t\t\t\t<span class=\"elementor-icon-list-text\"><b>La glyc\u00e9rine <\/b><br><i>Prot\u00e8ge la struct<\/i>ure capillaire pendant toute la dur\u00e9e du temps de pause, hydrate les cheveux et renforce leurs brillances.<\/span>\n\t\t\t\t\t\t\t\t\t<\/li>\n\t\t\t\t\t\t\t\t<li class=\"elementor-icon-list-item\">\n\t\t\t\t\t\t\t\t\t\t\t<span class=\"elementor-icon-list-icon\">\n\t\t\t\t\t\t\t<svg aria-hidden=\"true\" class=\"e-font-icon-svg e-fas-check-square\" viewBox=\"0 0 448 512\" xmlns=\"http:\/\/www.w3.org\/2000\/svg\"><path d=\"M400 480H48c-26.51 0-48-21.49-48-48V80c0-26.51 21.49-48 48-48h352c26.51 0 48 21.49 48 48v352c0 26.51-21.49 48-48 48zm-204.686-98.059l184-184c6.248-6.248 6.248-16.379 0-22.627l-22.627-22.627c-6.248-6.248-16.379-6.249-22.628 0L184 302.745l-70.059-70.059c-6.248-6.248-16.379-6.248-22.628 0l-22.627 22.627c-6.248 6.248-6.248 16.379 0 22.627l104 104c6.249 6.25 16.379 6.25 22.628.001z\"><\/path><\/svg>\t\t\t\t\t\t<\/span>\n\t\t\t\t\t\t\t\t\t\t<span class=\"elementor-icon-list-text\"><b>L'huile de coco<\/b><br><i>Offre une protection longue dur\u00e9e contre la d\u00e9shydratation et procure aux cheveux souplesse e<\/i>t \u00e9lasticit\u00e9<\/span>\n\t\t\t\t\t\t\t\t\t<\/li>\n\t\t\t\t\t\t\t\t<li class=\"elementor-icon-list-item\">\n\t\t\t\t\t\t\t\t\t\t\t<span class=\"elementor-icon-list-icon\">\n\t\t\t\t\t\t\t<svg aria-hidden=\"true\" class=\"e-font-icon-svg e-fas-check-square\" viewBox=\"0 0 448 512\" xmlns=\"http:\/\/www.w3.org\/2000\/svg\"><path d=\"M400 480H48c-26.51 0-48-21.49-48-48V80c0-26.51 21.49-48 48-48h352c26.51 0 48 21.49 48 48v352c0 26.51-21.49 48-48 48zm-204.686-98.059l184-184c6.248-6.248 6.248-16.379 0-22.627l-22.627-22.627c-6.248-6.248-16.379-6.249-22.628 0L184 302.745l-70.059-70.059c-6.248-6.248-16.379-6.248-22.628 0l-22.627 22.627c-6.248 6.248-6.248 16.379 0 22.627l104 104c6.249 6.25 16.379 6.25 22.628.001z\"><\/path><\/svg>\t\t\t\t\t\t<\/span>\n\t\t\t\t\t\t\t\t\t\t<span class=\"elementor-icon-list-text\"><b>La b\u00e9ta\u00efne et la l\u00e9cithine <\/b><i><br><\/i>Renforce le r\u00e9sultat de brillance<\/span>\n\t\t\t\t\t\t\t\t\t<\/li>\n\t\t\t\t\t\t\t\t<li class=\"elementor-icon-list-item\">\n\t\t\t\t\t\t\t\t\t\t\t<span class=\"elementor-icon-list-icon\">\n\t\t\t\t\t\t\t<svg aria-hidden=\"true\" class=\"e-font-icon-svg e-fas-check-square\" viewBox=\"0 0 448 512\" xmlns=\"http:\/\/www.w3.org\/2000\/svg\"><path d=\"M400 480H48c-26.51 0-48-21.49-48-48V80c0-26.51 21.49-48 48-48h352c26.51 0 48 21.49 48 48v352c0 26.51-21.49 48-48 48zm-204.686-98.059l184-184c6.248-6.248 6.248-16.379 0-22.627l-22.627-22.627c-6.248-6.248-16.379-6.249-22.628 0L184 302.745l-70.059-70.059c-6.248-6.248-16.379-6.248-22.628 0l-22.627 22.627c-6.248 6.248-6.248 16.379 0 22.627l104 104c6.249 6.25 16.379 6.25 22.628.001z\"><\/path><\/svg>\t\t\t\t\t\t<\/span>\n\t\t\t\t\t\t\t\t\t\t<span class=\"elementor-icon-list-text\"><b>La cire d'abeille et l'huile de ricin<\/b> <br><i>Am\u00e9liorent la tenue de la coloration et assurent une protection longue dur\u00e9e aux cheveux ainsi qu\u2019\u00e0 la couleur<\/i>.<\/span>\n\t\t\t\t\t\t\t\t\t<\/li>\n\t\t\t\t\t\t\t\t<li class=\"elementor-icon-list-item\">\n\t\t\t\t\t\t\t\t\t\t\t<span class=\"elementor-icon-list-icon\">\n\t\t\t\t\t\t\t<svg aria-hidden=\"true\" class=\"e-font-icon-svg e-fas-check-square\" viewBox=\"0 0 448 512\" xmlns=\"http:\/\/www.w3.org\/2000\/svg\"><path d=\"M400 480H48c-26.51 0-48-21.49-48-48V80c0-26.51 21.49-48 48-48h352c26.51 0 48 21.49 48 48v352c0 26.51-21.49 48-48 48zm-204.686-98.059l184-184c6.248-6.248 6.248-16.379 0-22.627l-22.627-22.627c-6.248-6.248-16.379-6.249-22.628 0L184 302.745l-70.059-70.059c-6.248-6.248-16.379-6.248-22.628 0l-22.627 22.627c-6.248 6.248-6.248 16.379 0 22.627l104 104c6.249 6.25 16.379 6.25 22.628.001z\"><\/path><\/svg>\t\t\t\t\t\t<\/span>\n\t\t\t\t\t\t\t\t\t\t<span class=\"elementor-icon-list-text\"><b>Le bisotol<\/b><br><i>Un agent \u00e0 base de camomille qui hydrate, d\u00e9tend et prot\u00e8ge<\/i> <i>le cuir chevelu<\/i><\/span>\n\t\t\t\t\t\t\t\t\t<\/li>\n\t\t\t\t\t\t\t\t<li class=\"elementor-icon-list-item\">\n\t\t\t\t\t\t\t\t\t\t\t<span class=\"elementor-icon-list-icon\">\n\t\t\t\t\t\t\t<svg aria-hidden=\"true\" class=\"e-font-icon-svg e-fas-check-square\" viewBox=\"0 0 448 512\" xmlns=\"http:\/\/www.w3.org\/2000\/svg\"><path d=\"M400 480H48c-26.51 0-48-21.49-48-48V80c0-26.51 21.49-48 48-48h352c26.51 0 48 21.49 48 48v352c0 26.51-21.49 48-48 48zm-204.686-98.059l184-184c6.248-6.248 6.248-16.379 0-22.627l-22.627-22.627c-6.248-6.248-16.379-6.249-22.628 0L184 302.745l-70.059-70.059c-6.248-6.248-16.379-6.248-22.628 0l-22.627 22.627c-6.248 6.248-6.248 16.379 0 22.627l104 104c6.249 6.25 16.379 6.25 22.628.001z\"><\/path><\/svg>\t\t\t\t\t\t<\/span>\n\t\t\t\t\t\t\t\t\t\t<span class=\"elementor-icon-list-text\">L<b>'alo\u00e9 vera<\/b><br><i>Prot\u00e8ge, apaise et \u00e9quilibre le taux d\u2019humidit\u00e9 du cuir chevelu<\/i><\/span>\n\t\t\t\t\t\t\t\t\t<\/li>\n\t\t\t\t\t\t<\/ul>\n\t\t\t\t\t\t<\/div>\n\t\t\t\t<\/div>\n\t\t\t\t\t<\/div>\n\t\t<\/div>\n\t\t\t\t\t<\/div>\n\t\t<\/section>\n\t\t\t\t<section class=\"elementor-section elementor-top-section elementor-element elementor-element-93b08df elementor-section-boxed elementor-section-height-default elementor-section-height-default\" data-id=\"93b08df\" data-element_type=\"section\">\n\t\t\t\t\t\t<div class=\"elementor-container elementor-column-gap-default\">\n\t\t\t\t\t<div class=\"elementor-column elementor-col-100 elementor-top-column elementor-element elementor-element-3638b78\" data-id=\"3638b78\" data-element_type=\"column\">\n\t\t\t<div class=\"elementor-widget-wrap elementor-element-populated\">\n\t\t\t\t\t\t<div class=\"elementor-element elementor-element-ed46669 elementor-widget elementor-widget-image-carousel\" data-id=\"ed46669\" data-element_type=\"widget\" data-settings=\"{&quot;slides_to_show&quot;:&quot;3&quot;,&quot;slides_to_scroll&quot;:&quot;3&quot;,&quot;navigation&quot;:&quot;none&quot;,&quot;image_spacing_custom&quot;:{&quot;unit&quot;:&quot;px&quot;,&quot;size&quot;:40,&quot;sizes&quot;:[]},&quot;autoplay&quot;:&quot;yes&quot;,&quot;pause_on_hover&quot;:&quot;yes&quot;,&quot;pause_on_interaction&quot;:&quot;yes&quot;,&quot;autoplay_speed&quot;:5000,&quot;infinite&quot;:&quot;yes&quot;,&quot;speed&quot;:500,&quot;image_spacing_custom_tablet&quot;:{&quot;unit&quot;:&quot;px&quot;,&quot;size&quot;:&quot;&quot;,&quot;sizes&quot;:[]},&quot;image_spacing_custom_mobile&quot;:{&quot;unit&quot;:&quot;px&quot;,&quot;size&quot;:&quot;&quot;,&quot;sizes&quot;:[]}}\" data-widget_type=\"image-carousel.default\">\n\t\t\t\t<div class=\"elementor-widget-container\">\n\t\t\t\t\t\t\t<div class=\"elementor-image-carousel-wrapper swiper\" role=\"region\" aria-roledescription=\"carousel\" aria-label=\"Carrousel d\u2019images\" dir=\"ltr\">\n\t\t\t<div class=\"elementor-image-carousel swiper-wrapper\" aria-live=\"off\">\n\t\t\t\t\t\t\t\t<div class=\"swiper-slide\" role=\"group\" aria-roledescription=\"slide\" aria-label=\"1 sur 9\"><figure class=\"swiper-slide-inner\"><img decoding=\"async\" class=\"swiper-slide-image\" src=\"https:\/\/wellness-hair.fr\/wp-content\/uploads\/2025\/06\/IMG_1867.jpg\" alt=\"IMG_1867\" \/><\/figure><\/div><div class=\"swiper-slide\" role=\"group\" aria-roledescription=\"slide\" aria-label=\"2 sur 9\"><figure class=\"swiper-slide-inner\"><img decoding=\"async\" class=\"swiper-slide-image\" src=\"https:\/\/wellness-hair.fr\/wp-content\/uploads\/2025\/06\/IMG_1868.jpg\" alt=\"IMG_1868\" \/><\/figure><\/div><div class=\"swiper-slide\" role=\"group\" aria-roledescription=\"slide\" aria-label=\"3 sur 9\"><figure class=\"swiper-slide-inner\"><img decoding=\"async\" class=\"swiper-slide-image\" src=\"https:\/\/wellness-hair.fr\/wp-content\/uploads\/2025\/06\/IMG_1869.jpg\" alt=\"IMG_1869\" \/><\/figure><\/div><div class=\"swiper-slide\" role=\"group\" aria-roledescription=\"slide\" aria-label=\"4 sur 9\"><figure class=\"swiper-slide-inner\"><img decoding=\"async\" class=\"swiper-slide-image\" src=\"https:\/\/wellness-hair.fr\/wp-content\/uploads\/2025\/06\/IMG_1870.jpg\" alt=\"IMG_1870\" \/><\/figure><\/div><div class=\"swiper-slide\" role=\"group\" aria-roledescription=\"slide\" aria-label=\"5 sur 9\"><figure class=\"swiper-slide-inner\"><img decoding=\"async\" class=\"swiper-slide-image\" src=\"https:\/\/wellness-hair.fr\/wp-content\/uploads\/2025\/06\/IMG_1871.jpg\" alt=\"IMG_1871\" \/><\/figure><\/div><div class=\"swiper-slide\" role=\"group\" aria-roledescription=\"slide\" aria-label=\"6 sur 9\"><figure class=\"swiper-slide-inner\"><img decoding=\"async\" class=\"swiper-slide-image\" src=\"https:\/\/wellness-hair.fr\/wp-content\/uploads\/2025\/06\/IMG_1872.jpg\" alt=\"IMG_1872\" \/><\/figure><\/div><div class=\"swiper-slide\" role=\"group\" aria-roledescription=\"slide\" aria-label=\"7 sur 9\"><figure class=\"swiper-slide-inner\"><img decoding=\"async\" class=\"swiper-slide-image\" src=\"https:\/\/wellness-hair.fr\/wp-content\/uploads\/2025\/06\/IMG_1873.jpg\" alt=\"IMG_1873\" \/><\/figure><\/div><div class=\"swiper-slide\" role=\"group\" aria-roledescription=\"slide\" aria-label=\"8 sur 9\"><figure class=\"swiper-slide-inner\"><img decoding=\"async\" class=\"swiper-slide-image\" src=\"https:\/\/wellness-hair.fr\/wp-content\/uploads\/2025\/06\/IMG_1874.jpg\" alt=\"IMG_1874\" \/><\/figure><\/div><div class=\"swiper-slide\" role=\"group\" aria-roledescription=\"slide\" aria-label=\"9 sur 9\"><figure class=\"swiper-slide-inner\"><img decoding=\"async\" class=\"swiper-slide-image\" src=\"https:\/\/wellness-hair.fr\/wp-content\/uploads\/2025\/06\/IMG_1875.jpg\" alt=\"IMG_1875\" \/><\/figure><\/div>\t\t\t<\/div>\n\t\t\t\t\t\t\t\n\t\t\t\t\t\t\t\t\t<\/div>\n\t\t\t\t\t\t<\/div>\n\t\t\t\t<\/div>\n\t\t\t\t\t<\/div>\n\t\t<\/div>\n\t\t\t\t\t<\/div>\n\t\t<\/section>\n\t\t\t\t<section class=\"elementor-section elementor-top-section elementor-element elementor-element-eed184c elementor-section-boxed elementor-section-height-default elementor-section-height-default\" data-id=\"eed184c\" data-element_type=\"section\">\n\t\t\t\t\t\t<div class=\"elementor-container elementor-column-gap-default\">\n\t\t\t\t\t<div class=\"elementor-column elementor-col-50 elementor-top-column elementor-element elementor-element-cd20a8b\" data-id=\"cd20a8b\" data-element_type=\"column\">\n\t\t\t<div class=\"elementor-widget-wrap elementor-element-populated\">\n\t\t\t\t\t\t<div class=\"elementor-element elementor-element-dc41620 elementor-widget elementor-widget-heading\" data-id=\"dc41620\" data-element_type=\"widget\" data-widget_type=\"heading.default\">\n\t\t\t\t<div class=\"elementor-widget-container\">\n\t\t\t\t\t<h2 class=\"elementor-heading-title elementor-size-default\">M\u00e8ches, balayages, ombr\u00e9s<\/h2>\t\t\t\t<\/div>\n\t\t\t\t<\/div>\n\t\t\t\t<div class=\"elementor-element elementor-element-2f52e83 elementor-widget elementor-widget-text-editor\" data-id=\"2f52e83\" data-element_type=\"widget\" data-widget_type=\"text-editor.default\">\n\t\t\t\t<div class=\"elementor-widget-container\">\n\t\t\t\t\t\t\t\t\t<p data-start=\"309\" data-end=\"387\"><span style=\"color: #61ce70;\"><strong>Un \u00e9clat naturel, une couleur sur-mesure, sans compromis pour vos cheveux.<\/strong><\/span><\/p>\n<p data-start=\"389\" data-end=\"772\">Envie d\u2019illuminer votre chevelure tout en respectant sa sant\u00e9 ?&nbsp;Que vous recherchiez un effet soleil discret ou un contraste plus marqu\u00e9, nous adaptons chaque prestation \u00e0 votre style, votre carnation et votre coupe.<\/p>\t\t\t\t\t\t\t\t<\/div>\n\t\t\t\t<\/div>\n\t\t\t\t\t<\/div>\n\t\t<\/div>\n\t\t\t\t<div class=\"elementor-column elementor-col-50 elementor-top-column elementor-element elementor-element-1de19df\" data-id=\"1de19df\" data-element_type=\"column\">\n\t\t\t<div class=\"elementor-widget-wrap elementor-element-populated\">\n\t\t\t\t\t\t<div class=\"elementor-element elementor-element-85f208f elementor-widget elementor-widget-accordion\" data-id=\"85f208f\" data-element_type=\"widget\" data-widget_type=\"accordion.default\">\n\t\t\t\t<div class=\"elementor-widget-container\">\n\t\t\t\t\t\t\t<div class=\"elementor-accordion\">\n\t\t\t\t\t\t\t<div class=\"elementor-accordion-item\">\n\t\t\t\t\t<h5 id=\"elementor-tab-title-1401\" class=\"elementor-tab-title\" data-tab=\"1\" role=\"button\" aria-controls=\"elementor-tab-content-1401\" aria-expanded=\"false\">\n\t\t\t\t\t\t\t\t\t\t\t\t\t<span class=\"elementor-accordion-icon elementor-accordion-icon-left\" aria-hidden=\"true\">\n\t\t\t\t\t\t\t\t\t\t\t\t\t\t\t<span class=\"elementor-accordion-icon-closed\"><svg class=\"e-font-icon-svg e-fas-plus\" viewBox=\"0 0 448 512\" xmlns=\"http:\/\/www.w3.org\/2000\/svg\"><path d=\"M416 208H272V64c0-17.67-14.33-32-32-32h-32c-17.67 0-32 14.33-32 32v144H32c-17.67 0-32 14.33-32 32v32c0 17.67 14.33 32 32 32h144v144c0 17.67 14.33 32 32 32h32c17.67 0 32-14.33 32-32V304h144c17.67 0 32-14.33 32-32v-32c0-17.67-14.33-32-32-32z\"><\/path><\/svg><\/span>\n\t\t\t\t\t\t\t\t<span class=\"elementor-accordion-icon-opened\"><svg class=\"e-font-icon-svg e-fas-minus\" viewBox=\"0 0 448 512\" xmlns=\"http:\/\/www.w3.org\/2000\/svg\"><path d=\"M416 208H32c-17.67 0-32 14.33-32 32v32c0 17.67 14.33 32 32 32h384c17.67 0 32-14.33 32-32v-32c0-17.67-14.33-32-32-32z\"><\/path><\/svg><\/span>\n\t\t\t\t\t\t\t\t\t\t\t\t\t\t<\/span>\n\t\t\t\t\t\t\t\t\t\t\t\t<a class=\"elementor-accordion-title\" tabindex=\"0\">Quelle est la diff\u00e9rence entre m\u00e8ches, balayage et ombr\u00e9 ?<\/a>\n\t\t\t\t\t<\/h5>\n\t\t\t\t\t<div id=\"elementor-tab-content-1401\" class=\"elementor-tab-content elementor-clearfix\" data-tab=\"1\" role=\"region\" aria-labelledby=\"elementor-tab-title-1401\"><p>Chaque technique offre un r\u00e9sultat diff\u00e9rent : les <strong data-start=\"374\" data-end=\"384\">m\u00e8ches<\/strong> cr\u00e9ent un contraste plus marqu\u00e9, le <strong data-start=\"421\" data-end=\"433\">balayage<\/strong> apporte un effet soleil naturel et fondu, tandis que l\u2019<strong data-start=\"489\" data-end=\"498\">ombr\u00e9<\/strong> offre une transition progressive entre les racines et les pointes. Nous vous conseillons selon votre style et votre chevelure.<\/p><\/div>\n\t\t\t\t<\/div>\n\t\t\t\t\t\t\t\t<\/div>\n\t\t\t\t\t\t<\/div>\n\t\t\t\t<\/div>\n\t\t\t\t\t<\/div>\n\t\t<\/div>\n\t\t\t\t\t<\/div>\n\t\t<\/section>\n\t\t<div class=\"elementor-element elementor-element-860df8d e-flex e-con-boxed e-con e-parent\" data-id=\"860df8d\" data-element_type=\"container\">\n\t\t\t\t\t<div class=\"e-con-inner\">\n\t\t\t\t<div class=\"elementor-element elementor-element-8beeb38 elementor-widget elementor-widget-image-carousel\" data-id=\"8beeb38\" data-element_type=\"widget\" data-settings=\"{&quot;slides_to_show&quot;:&quot;3&quot;,&quot;navigation&quot;:&quot;none&quot;,&quot;autoplay&quot;:&quot;yes&quot;,&quot;pause_on_hover&quot;:&quot;yes&quot;,&quot;pause_on_interaction&quot;:&quot;yes&quot;,&quot;autoplay_speed&quot;:5000,&quot;infinite&quot;:&quot;yes&quot;,&quot;speed&quot;:500}\" data-widget_type=\"image-carousel.default\">\n\t\t\t\t<div class=\"elementor-widget-container\">\n\t\t\t\t\t\t\t<div class=\"elementor-image-carousel-wrapper swiper\" role=\"region\" aria-roledescription=\"carousel\" aria-label=\"Carrousel d\u2019images\" dir=\"ltr\">\n\t\t\t<div class=\"elementor-image-carousel swiper-wrapper\" aria-live=\"off\">\n\t\t\t\t\t\t\t\t<div class=\"swiper-slide\" role=\"group\" aria-roledescription=\"slide\" aria-label=\"1 sur 6\"><figure class=\"swiper-slide-inner\"><img decoding=\"async\" class=\"swiper-slide-image\" src=\"https:\/\/wellness-hair.fr\/wp-content\/uploads\/2025\/06\/IMG_1876-768x1024.jpg\" alt=\"IMG_1876\" \/><\/figure><\/div><div class=\"swiper-slide\" role=\"group\" aria-roledescription=\"slide\" aria-label=\"2 sur 6\"><figure class=\"swiper-slide-inner\"><img decoding=\"async\" class=\"swiper-slide-image\" src=\"https:\/\/wellness-hair.fr\/wp-content\/uploads\/2025\/06\/IMG_1877-768x1024.jpg\" alt=\"IMG_1877\" \/><\/figure><\/div><div class=\"swiper-slide\" role=\"group\" aria-roledescription=\"slide\" aria-label=\"3 sur 6\"><figure class=\"swiper-slide-inner\"><img decoding=\"async\" class=\"swiper-slide-image\" src=\"https:\/\/wellness-hair.fr\/wp-content\/uploads\/2025\/06\/IMG_1879-768x1024.jpg\" alt=\"IMG_1879\" \/><\/figure><\/div><div class=\"swiper-slide\" role=\"group\" aria-roledescription=\"slide\" aria-label=\"4 sur 6\"><figure class=\"swiper-slide-inner\"><img decoding=\"async\" class=\"swiper-slide-image\" src=\"https:\/\/wellness-hair.fr\/wp-content\/uploads\/2025\/06\/IMG_1880-768x1024.jpg\" alt=\"IMG_1880\" \/><\/figure><\/div><div class=\"swiper-slide\" role=\"group\" aria-roledescription=\"slide\" aria-label=\"5 sur 6\"><figure class=\"swiper-slide-inner\"><img decoding=\"async\" class=\"swiper-slide-image\" src=\"https:\/\/wellness-hair.fr\/wp-content\/uploads\/2025\/06\/IMG_1881-769x1024.jpg\" alt=\"IMG_1881\" \/><\/figure><\/div><div class=\"swiper-slide\" role=\"group\" aria-roledescription=\"slide\" aria-label=\"6 sur 6\"><figure class=\"swiper-slide-inner\"><img decoding=\"async\" class=\"swiper-slide-image\" src=\"https:\/\/wellness-hair.fr\/wp-content\/uploads\/2025\/06\/IMG_1884.jpg\" alt=\"IMG_1884\" \/><\/figure><\/div>\t\t\t<\/div>\n\t\t\t\t\t\t\t\n\t\t\t\t\t\t\t\t\t<\/div>\n\t\t\t\t\t\t<\/div>\n\t\t\t\t<\/div>\n\t\t\t\t\t<\/div>\n\t\t\t\t<\/div>\n\t\t<div class=\"elementor-element elementor-element-1a932a9 e-flex e-con-boxed e-con e-parent\" data-id=\"1a932a9\" data-element_type=\"container\">\n\t\t\t\t\t<div class=\"e-con-inner\">\n\t\t<div class=\"elementor-element elementor-element-26003ae e-con-full e-flex e-con e-child\" data-id=\"26003ae\" data-element_type=\"container\">\n\t\t\t\t<div class=\"elementor-element elementor-element-61367e8 elementor-widget elementor-widget-heading\" data-id=\"61367e8\" data-element_type=\"widget\" data-widget_type=\"heading.default\">\n\t\t\t\t<div class=\"elementor-widget-container\">\n\t\t\t\t\t<h2 class=\"elementor-heading-title elementor-size-default\">Carte cadeau<\/h2>\t\t\t\t<\/div>\n\t\t\t\t<\/div>\n\t\t\t\t<div class=\"elementor-element elementor-element-fe55b1e elementor-widget elementor-widget-text-editor\" data-id=\"fe55b1e\" data-element_type=\"widget\" data-widget_type=\"text-editor.default\">\n\t\t\t\t<div class=\"elementor-widget-container\">\n\t\t\t\t\t\t\t\t\t<p data-start=\"184\" data-end=\"359\"><b><span style=\"color: #61ce70;\">Une attention d\u00e9licate<\/span> <\/b>pour celles et ceux que vous aimez.<br data-start=\"228\" data-end=\"231\" \/>Nos cartes cadeaux invitent \u00e0 une parenth\u00e8se de douceur, entre soins capillaires naturels et instants de d\u00e9tente sur mesure.<\/p><p data-start=\"361\" data-end=\"459\"><span style=\"color: #61ce70;\"><strong>Disponible directement au salon<\/strong><\/span><\/p>\t\t\t\t\t\t\t\t<\/div>\n\t\t\t\t<\/div>\n\t\t\t\t<\/div>\n\t\t<div class=\"elementor-element elementor-element-c8099de e-con-full e-flex e-con e-child\" data-id=\"c8099de\" data-element_type=\"container\">\n\t\t<div class=\"elementor-element elementor-element-acb0148 e-con-full e-flex e-con e-child\" data-id=\"acb0148\" data-element_type=\"container\">\n\t\t\t\t<div class=\"elementor-element elementor-element-243759a elementor-widget elementor-widget-image\" data-id=\"243759a\" data-element_type=\"widget\" data-widget_type=\"image.default\">\n\t\t\t\t<div class=\"elementor-widget-container\">\n\t\t\t\t\t\t\t\t\t\t\t\t\t\t\t<img fetchpriority=\"high\" decoding=\"async\" width=\"1024\" height=\"576\" src=\"https:\/\/wellness-hair.fr\/wp-content\/uploads\/2025\/06\/IMG_1758-1-1024x576.jpeg\" class=\"attachment-large size-large wp-image-1358\" alt=\"\" srcset=\"https:\/\/wellness-hair.fr\/wp-content\/uploads\/2025\/06\/IMG_1758-1-1024x576.jpeg 1024w, https:\/\/wellness-hair.fr\/wp-content\/uploads\/2025\/06\/IMG_1758-1-300x169.jpeg 300w, https:\/\/wellness-hair.fr\/wp-content\/uploads\/2025\/06\/IMG_1758-1-768x432.jpeg 768w, https:\/\/wellness-hair.fr\/wp-content\/uploads\/2025\/06\/IMG_1758-1-1536x864.jpeg 1536w, https:\/\/wellness-hair.fr\/wp-content\/uploads\/2025\/06\/IMG_1758-1-2048x1152.jpeg 2048w\" sizes=\"(max-width: 1024px) 100vw, 1024px\" \/>\t\t\t\t\t\t\t\t\t\t\t\t\t\t\t<\/div>\n\t\t\t\t<\/div>\n\t\t\t\t<\/div>\n\t\t\t\t<\/div>\n\t\t\t\t\t<\/div>\n\t\t\t\t<\/div>\n\t\t\t\t<\/div>\n\t\t","protected":false},"excerpt":{"rendered":"<p>Prestations du salon Venez passer un agr\u00e9able moment de d\u00e9tente nous allons prendre soin de vous et de vos cheveux! La coloration Nous vous proposons un \u00e9ventail de couleurs d\u2019un \u00e9clat extraordinaire gr\u00e2ce \u00e0 une technique de pigmentation innovante et une formule de substances actives naturelles grace aux produits La biosth\u00e9tique.\u00a0Vos cheveux sont fortifi\u00e9s, hydrat\u00e9s&#8230;<\/p>\n","protected":false},"author":1,"featured_media":0,"parent":0,"menu_order":0,"comment_status":"closed","ping_status":"closed","template":"","meta":{"_kadence_starter_templates_imported_post":true,"_kad_post_transparent":"","_kad_post_title":"hide","_kad_post_layout":"fullwidth","_kad_post_sidebar_id":"","_kad_post_content_style":"unboxed","_kad_post_vertical_padding":"hide","_kad_post_feature":"hide","_kad_post_feature_position":"","_kad_post_header":false,"_kad_post_footer":false,"footnotes":""},"class_list":["post-23","page","type-page","status-publish","hentry"],"yoast_head":"<!-- This site is optimized with the Yoast SEO plugin v25.2 - https:\/\/yoast.com\/wordpress\/plugins\/seo\/ -->\n<title>Prestations du salon<\/title>\n<meta name=\"description\" content=\"D\u00e9couvrez les prestations du salon de coiffure Wellness Hair pour un moment de bien \u00eatre situ\u00e9 \u00e0 Saint Maximin.\" \/>\n<meta name=\"robots\" content=\"index, follow, max-snippet:-1, max-image-preview:large, max-video-preview:-1\" \/>\n<link rel=\"canonical\" href=\"https:\/\/wellness-hair.fr\/index.php\/prestations-du-salon\/\" \/>\n<meta property=\"og:locale\" content=\"fr_FR\" \/>\n<meta property=\"og:type\" content=\"article\" \/>\n<meta property=\"og:title\" content=\"Prestations du salon\" \/>\n<meta property=\"og:description\" content=\"D\u00e9couvrez les prestations du salon de coiffure Wellness Hair pour un moment de bien \u00eatre situ\u00e9 \u00e0 Saint Maximin.\" \/>\n<meta property=\"og:url\" content=\"https:\/\/wellness-hair.fr\/index.php\/prestations-du-salon\/\" \/>\n<meta property=\"og:site_name\" content=\"Wellness-Hair\" \/>\n<meta property=\"article:modified_time\" content=\"2025-06-29T15:39:19+00:00\" \/>\n<meta property=\"og:image\" content=\"https:\/\/wellness-hair.fr\/wp-content\/uploads\/2025\/06\/IMG_1867.jpg\" \/>\n<meta name=\"twitter:card\" content=\"summary_large_image\" \/>\n<meta name=\"twitter:label1\" content=\"Dur\u00e9e de lecture estim\u00e9e\" \/>\n\t<meta name=\"twitter:data1\" content=\"8 minutes\" \/>\n<script type=\"application\/ld+json\" class=\"yoast-schema-graph\">{\"@context\":\"https:\/\/schema.org\",\"@graph\":[{\"@type\":\"WebPage\",\"@id\":\"https:\/\/wellness-hair.fr\/index.php\/prestations-du-salon\/\",\"url\":\"https:\/\/wellness-hair.fr\/index.php\/prestations-du-salon\/\",\"name\":\"Prestations du salon\",\"isPartOf\":{\"@id\":\"https:\/\/wellness-hair.fr\/#website\"},\"primaryImageOfPage\":{\"@id\":\"https:\/\/wellness-hair.fr\/index.php\/prestations-du-salon\/#primaryimage\"},\"image\":{\"@id\":\"https:\/\/wellness-hair.fr\/index.php\/prestations-du-salon\/#primaryimage\"},\"thumbnailUrl\":\"https:\/\/wellness-hair.fr\/wp-content\/uploads\/2025\/06\/IMG_1867.jpg\",\"datePublished\":\"2022-06-10T15:48:39+00:00\",\"dateModified\":\"2025-06-29T15:39:19+00:00\",\"description\":\"D\u00e9couvrez les prestations du salon de coiffure Wellness Hair pour un moment de bien \u00eatre situ\u00e9 \u00e0 Saint Maximin.\",\"breadcrumb\":{\"@id\":\"https:\/\/wellness-hair.fr\/index.php\/prestations-du-salon\/#breadcrumb\"},\"inLanguage\":\"fr-FR\",\"potentialAction\":[{\"@type\":\"ReadAction\",\"target\":[\"https:\/\/wellness-hair.fr\/index.php\/prestations-du-salon\/\"]}]},{\"@type\":\"ImageObject\",\"inLanguage\":\"fr-FR\",\"@id\":\"https:\/\/wellness-hair.fr\/index.php\/prestations-du-salon\/#primaryimage\",\"url\":\"https:\/\/wellness-hair.fr\/wp-content\/uploads\/2025\/06\/IMG_1867.jpg\",\"contentUrl\":\"https:\/\/wellness-hair.fr\/wp-content\/uploads\/2025\/06\/IMG_1867.jpg\",\"width\":1200,\"height\":1600},{\"@type\":\"BreadcrumbList\",\"@id\":\"https:\/\/wellness-hair.fr\/index.php\/prestations-du-salon\/#breadcrumb\",\"itemListElement\":[{\"@type\":\"ListItem\",\"position\":1,\"name\":\"Accueil\",\"item\":\"https:\/\/wellness-hair.fr\/\"},{\"@type\":\"ListItem\",\"position\":2,\"name\":\"Prestations du salon\"}]},{\"@type\":\"WebSite\",\"@id\":\"https:\/\/wellness-hair.fr\/#website\",\"url\":\"https:\/\/wellness-hair.fr\/\",\"name\":\"Wellness-Hair\",\"description\":\"\",\"potentialAction\":[{\"@type\":\"SearchAction\",\"target\":{\"@type\":\"EntryPoint\",\"urlTemplate\":\"https:\/\/wellness-hair.fr\/?s={search_term_string}\"},\"query-input\":{\"@type\":\"PropertyValueSpecification\",\"valueRequired\":true,\"valueName\":\"search_term_string\"}}],\"inLanguage\":\"fr-FR\"}]}<\/script>\n<!-- \/ Yoast SEO plugin. -->","yoast_head_json":{"title":"Prestations du salon","description":"D\u00e9couvrez les prestations du salon de coiffure Wellness Hair pour un moment de bien \u00eatre situ\u00e9 \u00e0 Saint Maximin.","robots":{"index":"index","follow":"follow","max-snippet":"max-snippet:-1","max-image-preview":"max-image-preview:large","max-video-preview":"max-video-preview:-1"},"canonical":"https:\/\/wellness-hair.fr\/index.php\/prestations-du-salon\/","og_locale":"fr_FR","og_type":"article","og_title":"Prestations du salon","og_description":"D\u00e9couvrez les prestations du salon de coiffure Wellness Hair pour un moment de bien \u00eatre situ\u00e9 \u00e0 Saint Maximin.","og_url":"https:\/\/wellness-hair.fr\/index.php\/prestations-du-salon\/","og_site_name":"Wellness-Hair","article_modified_time":"2025-06-29T15:39:19+00:00","og_image":[{"url":"https:\/\/wellness-hair.fr\/wp-content\/uploads\/2025\/06\/IMG_1867.jpg","type":"","width":"","height":""}],"twitter_card":"summary_large_image","twitter_misc":{"Dur\u00e9e de lecture estim\u00e9e":"8 minutes"},"schema":{"@context":"https:\/\/schema.org","@graph":[{"@type":"WebPage","@id":"https:\/\/wellness-hair.fr\/index.php\/prestations-du-salon\/","url":"https:\/\/wellness-hair.fr\/index.php\/prestations-du-salon\/","name":"Prestations du salon","isPartOf":{"@id":"https:\/\/wellness-hair.fr\/#website"},"primaryImageOfPage":{"@id":"https:\/\/wellness-hair.fr\/index.php\/prestations-du-salon\/#primaryimage"},"image":{"@id":"https:\/\/wellness-hair.fr\/index.php\/prestations-du-salon\/#primaryimage"},"thumbnailUrl":"https:\/\/wellness-hair.fr\/wp-content\/uploads\/2025\/06\/IMG_1867.jpg","datePublished":"2022-06-10T15:48:39+00:00","dateModified":"2025-06-29T15:39:19+00:00","description":"D\u00e9couvrez les prestations du salon de coiffure Wellness Hair pour un moment de bien \u00eatre situ\u00e9 \u00e0 Saint Maximin.","breadcrumb":{"@id":"https:\/\/wellness-hair.fr\/index.php\/prestations-du-salon\/#breadcrumb"},"inLanguage":"fr-FR","potentialAction":[{"@type":"ReadAction","target":["https:\/\/wellness-hair.fr\/index.php\/prestations-du-salon\/"]}]},{"@type":"ImageObject","inLanguage":"fr-FR","@id":"https:\/\/wellness-hair.fr\/index.php\/prestations-du-salon\/#primaryimage","url":"https:\/\/wellness-hair.fr\/wp-content\/uploads\/2025\/06\/IMG_1867.jpg","contentUrl":"https:\/\/wellness-hair.fr\/wp-content\/uploads\/2025\/06\/IMG_1867.jpg","width":1200,"height":1600},{"@type":"BreadcrumbList","@id":"https:\/\/wellness-hair.fr\/index.php\/prestations-du-salon\/#breadcrumb","itemListElement":[{"@type":"ListItem","position":1,"name":"Accueil","item":"https:\/\/wellness-hair.fr\/"},{"@type":"ListItem","position":2,"name":"Prestations du salon"}]},{"@type":"WebSite","@id":"https:\/\/wellness-hair.fr\/#website","url":"https:\/\/wellness-hair.fr\/","name":"Wellness-Hair","description":"","potentialAction":[{"@type":"SearchAction","target":{"@type":"EntryPoint","urlTemplate":"https:\/\/wellness-hair.fr\/?s={search_term_string}"},"query-input":{"@type":"PropertyValueSpecification","valueRequired":true,"valueName":"search_term_string"}}],"inLanguage":"fr-FR"}]}},"_links":{"self":[{"href":"https:\/\/wellness-hair.fr\/index.php\/wp-json\/wp\/v2\/pages\/23","targetHints":{"allow":["GET"]}}],"collection":[{"href":"https:\/\/wellness-hair.fr\/index.php\/wp-json\/wp\/v2\/pages"}],"about":[{"href":"https:\/\/wellness-hair.fr\/index.php\/wp-json\/wp\/v2\/types\/page"}],"author":[{"embeddable":true,"href":"https:\/\/wellness-hair.fr\/index.php\/wp-json\/wp\/v2\/users\/1"}],"replies":[{"embeddable":true,"href":"https:\/\/wellness-hair.fr\/index.php\/wp-json\/wp\/v2\/comments?post=23"}],"version-history":[{"count":74,"href":"https:\/\/wellness-hair.fr\/index.php\/wp-json\/wp\/v2\/pages\/23\/revisions"}],"predecessor-version":[{"id":1498,"href":"https:\/\/wellness-hair.fr\/index.php\/wp-json\/wp\/v2\/pages\/23\/revisions\/1498"}],"wp:attachment":[{"href":"https:\/\/wellness-hair.fr\/index.php\/wp-json\/wp\/v2\/media?parent=23"}],"curies":[{"name":"wp","href":"https:\/\/api.w.org\/{rel}","templated":true}]}}